{"version":"1.0","provider_name":"Nous Sommes Vincentiens","provider_url":"https:\/\/vincentians.com\/fr","author_name":"Francisco Javier Fern\u00e1ndez Chento","author_url":"https:\/\/vincentians.com\/fr\/author\/chento\/","title":"Jean-Gabriel Perboyre, Lettre 032. A son P\u00e8re - Nous Sommes Vincentiens","type":"rich","width":600,"height":338,"html":"<blockquote class=\"wp-embedded-content\" data-secret=\"Y9RcRRCQBz\"><a href=\"https:\/\/vincentians.com\/fr\/jean-gabriel-perboyre-lettre-032-a-son-pere\/\">Jean-Gabriel Perboyre, Lettre 032. A son P\u00e8re<\/a><\/blockquote><iframe sandbox=\"allow-scripts\" security=\"restricted\" src=\"https:\/\/vincentians.com\/fr\/jean-gabriel-perboyre-lettre-032-a-son-pere\/embed\/#?secret=Y9RcRRCQBz\" width=\"600\" height=\"338\" title=\"\u00ab\u00a0Jean-Gabriel Perboyre, Lettre 032. A son P\u00e8re\u00a0\u00bb &#8212; Nous Sommes Vincentiens\" data-secret=\"Y9RcRRCQBz\" frameborder=\"0\" marginwidth=\"0\" marginheight=\"0\" scrolling=\"no\" class=\"wp-embedded-content\"><\/iframe><script type=\"text\/javascript\">\n\/* <![CDATA[ *\/\n\/*! This file is auto-generated *\/\n!function(d,l){\"use strict\";l.querySelector&&d.addEventListener&&\"undefined\"!=typeof URL&&(d.wp=d.wp||{},d.wp.receiveEmbedMessage||(d.wp.receiveEmbedMessage=function(e){var t=e.data;if((t||t.secret||t.message||t.value)&&!\/[^a-zA-Z0-9]\/.test(t.secret)){for(var s,r,n,a=l.querySelectorAll('iframe[data-secret=\"'+t.secret+'\"]'),o=l.querySelectorAll('blockquote[data-secret=\"'+t.secret+'\"]'),c=new RegExp(\"^https?:$\",\"i\"),i=0;i<o.length;i++)o[i].style.display=\"none\";for(i=0;i<a.length;i++)s=a[i],e.source===s.contentWindow&&(s.removeAttribute(\"style\"),\"height\"===t.message?(1e3<(r=parseInt(t.value,10))?r=1e3:~~r<200&&(r=200),s.height=r):\"link\"===t.message&&(r=new URL(s.getAttribute(\"src\")),n=new URL(t.value),c.test(n.protocol))&&n.host===r.host&&l.activeElement===s&&(d.top.location.href=t.value))}},d.addEventListener(\"message\",d.wp.receiveEmbedMessage,!1),l.addEventListener(\"DOMContentLoaded\",function(){for(var e,t,s=l.querySelectorAll(\"iframe.wp-embedded-content\"),r=0;r<s.length;r++)(t=(e=s[r]).getAttribute(\"data-secret\"))||(t=Math.random().toString(36).substring(2,12),e.src+=\"#?secret=\"+t,e.setAttribute(\"data-secret\",t)),e.contentWindow.postMessage({message:\"ready\",secret:t},\"*\")},!1)))}(window,document);\n\/* ]]> *\/\n<\/script>\n","thumbnail_url":"https:\/\/i0.wp.com\/vincentians.com\/fr\/wp-content\/uploads\/sites\/10\/2016\/07\/cartas-perboyre.jpg?fit=1200%2C630&ssl=1","thumbnail_width":1200,"thumbnail_height":630,"description":"Mon tr\u00e8s cher P\u00e8re, Par la lettre que j\u2019\u00e9crivis \u00e0 ma s\u0153ur aussit\u00f4t apr\u00e8s mon arriv\u00e9e \u00e0 Paris, vous avez vu que j\u2019avais chang\u00e9 de domicile. Je n\u2019eus pas le temps de vous \u00e9crire avant ... Read More"}