{"version":"1.0","provider_name":"Nous Sommes Vincentiens","provider_url":"http:\/\/vincentians.com\/fr","author_name":"Francisco Javier Fern\u00e1ndez Chento","author_url":"http:\/\/vincentians.com\/fr\/author\/chento\/","title":"Vincent de Paul, formateur de pr\u00eatres avec d\u2019autres - Nous Sommes Vincentiens","type":"rich","width":600,"height":338,"html":"<blockquote class=\"wp-embedded-content\" data-secret=\"IUaPJ7uFQR\"><a href=\"http:\/\/vincentians.com\/fr\/vincent-de-paul-formateur-de-pretres-avec-dautres\/\">Vincent de Paul, formateur de pr\u00eatres avec d\u2019autres<\/a><\/blockquote><iframe sandbox=\"allow-scripts\" security=\"restricted\" src=\"http:\/\/vincentians.com\/fr\/vincent-de-paul-formateur-de-pretres-avec-dautres\/embed\/#?secret=IUaPJ7uFQR\" width=\"600\" height=\"338\" title=\"\u00ab\u00a0Vincent de Paul, formateur de pr\u00eatres avec d\u2019autres\u00a0\u00bb &#8212; Nous Sommes Vincentiens\" data-secret=\"IUaPJ7uFQR\" frameborder=\"0\" marginwidth=\"0\" marginheight=\"0\" scrolling=\"no\" class=\"wp-embedded-content\"><\/iframe><script type=\"text\/javascript\">\n\/* <![CDATA[ *\/\n\/*! This file is auto-generated *\/\n!function(d,l){\"use strict\";l.querySelector&&d.addEventListener&&\"undefined\"!=typeof URL&&(d.wp=d.wp||{},d.wp.receiveEmbedMessage||(d.wp.receiveEmbedMessage=function(e){var t=e.data;if((t||t.secret||t.message||t.value)&&!\/[^a-zA-Z0-9]\/.test(t.secret)){for(var s,r,n,a=l.querySelectorAll('iframe[data-secret=\"'+t.secret+'\"]'),o=l.querySelectorAll('blockquote[data-secret=\"'+t.secret+'\"]'),c=new RegExp(\"^https?:$\",\"i\"),i=0;i<o.length;i++)o[i].style.display=\"none\";for(i=0;i<a.length;i++)s=a[i],e.source===s.contentWindow&&(s.removeAttribute(\"style\"),\"height\"===t.message?(1e3<(r=parseInt(t.value,10))?r=1e3:~~r<200&&(r=200),s.height=r):\"link\"===t.message&&(r=new URL(s.getAttribute(\"src\")),n=new URL(t.value),c.test(n.protocol))&&n.host===r.host&&l.activeElement===s&&(d.top.location.href=t.value))}},d.addEventListener(\"message\",d.wp.receiveEmbedMessage,!1),l.addEventListener(\"DOMContentLoaded\",function(){for(var e,t,s=l.querySelectorAll(\"iframe.wp-embedded-content\"),r=0;r<s.length;r++)(t=(e=s[r]).getAttribute(\"data-secret\"))||(t=Math.random().toString(36).substring(2,12),e.src+=\"#?secret=\"+t,e.setAttribute(\"data-secret\",t)),e.contentWindow.postMessage({message:\"ready\",secret:t},\"*\")},!1)))}(window,document);\n\/* ]]> *\/\n<\/script>\n","thumbnail_url":null,"thumbnail_width":null,"thumbnail_height":null,"description":"En guise d\u2019introduction, je vous pr\u00e9senterai quelques r\u00e9flexions sur le titre m\u00eame de cette conf\u00e9rence, tel qui m\u2019a \u00e9t\u00e9 propos\u00e9 par les organisateurs du colloque. La formation des pr\u00eatres au XVII\u00e8me si\u00e8cle est un des ... Read More"}