{"version":"1.0","provider_name":"Nous Sommes Vincentiens","provider_url":"http:\/\/vincentians.com\/fr","author_name":"Francisco Javier Fern\u00e1ndez Chento","author_url":"http:\/\/vincentians.com\/fr\/author\/chento\/","title":"F\u00eate de Notre Dame de la M\u00e9daille Miraculeuse - Nous Sommes Vincentiens","type":"rich","width":600,"height":338,"html":"<blockquote class=\"wp-embedded-content\" data-secret=\"UMcntXowYE\"><a href=\"http:\/\/vincentians.com\/fr\/fete-de-notre-dame-de-la-medaille-miraculeuse\/\">F\u00eate de Notre Dame de la M\u00e9daille Miraculeuse<\/a><\/blockquote><iframe sandbox=\"allow-scripts\" security=\"restricted\" src=\"http:\/\/vincentians.com\/fr\/fete-de-notre-dame-de-la-medaille-miraculeuse\/embed\/#?secret=UMcntXowYE\" width=\"600\" height=\"338\" title=\"\u00ab\u00a0F\u00eate de Notre Dame de la M\u00e9daille Miraculeuse\u00a0\u00bb &#8212; Nous Sommes Vincentiens\" data-secret=\"UMcntXowYE\" frameborder=\"0\" marginwidth=\"0\" marginheight=\"0\" scrolling=\"no\" class=\"wp-embedded-content\"><\/iframe><script type=\"text\/javascript\">\n\/* <![CDATA[ *\/\n\/*! This file is auto-generated *\/\n!function(d,l){\"use strict\";l.querySelector&&d.addEventListener&&\"undefined\"!=typeof URL&&(d.wp=d.wp||{},d.wp.receiveEmbedMessage||(d.wp.receiveEmbedMessage=function(e){var t=e.data;if((t||t.secret||t.message||t.value)&&!\/[^a-zA-Z0-9]\/.test(t.secret)){for(var s,r,n,a=l.querySelectorAll('iframe[data-secret=\"'+t.secret+'\"]'),o=l.querySelectorAll('blockquote[data-secret=\"'+t.secret+'\"]'),c=new RegExp(\"^https?:$\",\"i\"),i=0;i<o.length;i++)o[i].style.display=\"none\";for(i=0;i<a.length;i++)s=a[i],e.source===s.contentWindow&&(s.removeAttribute(\"style\"),\"height\"===t.message?(1e3<(r=parseInt(t.value,10))?r=1e3:~~r<200&&(r=200),s.height=r):\"link\"===t.message&&(r=new URL(s.getAttribute(\"src\")),n=new URL(t.value),c.test(n.protocol))&&n.host===r.host&&l.activeElement===s&&(d.top.location.href=t.value))}},d.addEventListener(\"message\",d.wp.receiveEmbedMessage,!1),l.addEventListener(\"DOMContentLoaded\",function(){for(var e,t,s=l.querySelectorAll(\"iframe.wp-embedded-content\"),r=0;r<s.length;r++)(t=(e=s[r]).getAttribute(\"data-secret\"))||(t=Math.random().toString(36).substring(2,12),e.src+=\"#?secret=\"+t,e.setAttribute(\"data-secret\",t)),e.contentWindow.postMessage({message:\"ready\",secret:t},\"*\")},!1)))}(window,document);\n\/* ]]> *\/\n<\/script>\n","description":"Pour inviter la Famille Vincentienne \u00e0 une plus grande d\u00e9votion \u00e0 Notre-Dame de la M\u00e9daille Miraculeuse. Chers Fr\u00e8res et S\u0153urs en Saint Vincent, La gr\u00e2ce et la paix de Notre Seigneur J\u00e9sus Christ soit toujours ... Read More","thumbnail_url":"http:\/\/somos.vicencianos.org\/files\/2009\/12\/gregory_felicita_la_navidad11-300x300.jpg"}