{"version":"1.0","provider_name":"Nous Sommes Vincentiens","provider_url":"http:\/\/vincentians.com\/fr","author_name":"Francisco Javier Fern\u00e1ndez Chento","author_url":"http:\/\/vincentians.com\/fr\/author\/chento\/","title":"Eph\u00e9m\u00e9rides: 8 d\u00e9cembre - Nous Sommes Vincentiens","type":"rich","width":600,"height":338,"html":"<blockquote class=\"wp-embedded-content\" data-secret=\"QJEnjdzTQM\"><a href=\"http:\/\/vincentians.com\/fr\/ephemerides-8-decembre\/\">Eph\u00e9m\u00e9rides: 8 d\u00e9cembre<\/a><\/blockquote><iframe sandbox=\"allow-scripts\" security=\"restricted\" src=\"http:\/\/vincentians.com\/fr\/ephemerides-8-decembre\/embed\/#?secret=QJEnjdzTQM\" width=\"600\" height=\"338\" title=\"\u00ab\u00a0Eph\u00e9m\u00e9rides: 8 d\u00e9cembre\u00a0\u00bb &#8212; Nous Sommes Vincentiens\" data-secret=\"QJEnjdzTQM\" frameborder=\"0\" marginwidth=\"0\" marginheight=\"0\" scrolling=\"no\" class=\"wp-embedded-content\"><\/iframe><script type=\"text\/javascript\">\n\/* <![CDATA[ *\/\n\/*! This file is auto-generated *\/\n!function(d,l){\"use strict\";l.querySelector&&d.addEventListener&&\"undefined\"!=typeof URL&&(d.wp=d.wp||{},d.wp.receiveEmbedMessage||(d.wp.receiveEmbedMessage=function(e){var t=e.data;if((t||t.secret||t.message||t.value)&&!\/[^a-zA-Z0-9]\/.test(t.secret)){for(var s,r,n,a=l.querySelectorAll('iframe[data-secret=\"'+t.secret+'\"]'),o=l.querySelectorAll('blockquote[data-secret=\"'+t.secret+'\"]'),c=new RegExp(\"^https?:$\",\"i\"),i=0;i<o.length;i++)o[i].style.display=\"none\";for(i=0;i<a.length;i++)s=a[i],e.source===s.contentWindow&&(s.removeAttribute(\"style\"),\"height\"===t.message?(1e3<(r=parseInt(t.value,10))?r=1e3:~~r<200&&(r=200),s.height=r):\"link\"===t.message&&(r=new URL(s.getAttribute(\"src\")),n=new URL(t.value),c.test(n.protocol))&&n.host===r.host&&l.activeElement===s&&(d.top.location.href=t.value))}},d.addEventListener(\"message\",d.wp.receiveEmbedMessage,!1),l.addEventListener(\"DOMContentLoaded\",function(){for(var e,t,s=l.querySelectorAll(\"iframe.wp-embedded-content\"),r=0;r<s.length;r++)(t=(e=s[r]).getAttribute(\"data-secret\"))||(t=Math.random().toString(36).substring(2,12),e.src+=\"#?secret=\"+t,e.setAttribute(\"data-secret\",t)),e.contentWindow.postMessage({message:\"ready\",secret:t},\"*\")},!1)))}(window,document);\n\/* ]]> *\/\n<\/script>\n","thumbnail_url":"https:\/\/i0.wp.com\/vincentians.com\/fr\/wp-content\/uploads\/sites\/10\/2016\/07\/ephemerides-fb.jpg?fit=1200%2C630","thumbnail_width":1200,"thumbnail_height":630,"description":"1617. \u00c0 Ch\u00e2tillon-les-Dombes dont il est le cur\u00e9, Monsieur Vincent proc\u00e8de solennellement \u00e0 l\u2019\u00e9rection de la premi\u00e8re Confr\u00e9rie de la Charit\u00e9. Les r\u00e8glements en ont \u00e9t\u00e9 approuv\u00e9s, le 24 novembre pr\u00e9c\u00e9dent, par Thomas de Mescatin-la-Faye, ... Read More"}