{"version":"1.0","provider_name":"Somos Vicencianos","provider_url":"http:\/\/vincentians.com\/es","author_name":"Francisco Javier Fern\u00e1ndez Chento","author_url":"http:\/\/vincentians.com\/es\/author\/chento\/","title":"Tal d\u00eda como hoy: 22 de mayo - Somos Vicencianos","type":"rich","width":600,"height":338,"html":"<blockquote class=\"wp-embedded-content\" data-secret=\"QM26sbeMaK\"><a href=\"http:\/\/vincentians.com\/es\/tal-dia-como-hoy-22-de-mayo\/\">Tal d\u00eda como hoy: 22 de mayo<\/a><\/blockquote><iframe sandbox=\"allow-scripts\" security=\"restricted\" src=\"http:\/\/vincentians.com\/es\/tal-dia-como-hoy-22-de-mayo\/embed\/#?secret=QM26sbeMaK\" width=\"600\" height=\"338\" title=\"\u00abTal d\u00eda como hoy: 22 de mayo\u00bb \u2014 Somos Vicencianos\" data-secret=\"QM26sbeMaK\" frameborder=\"0\" marginwidth=\"0\" marginheight=\"0\" scrolling=\"no\" class=\"wp-embedded-content\"><\/iframe><script type=\"text\/javascript\">\n\/* <![CDATA[ *\/\n\/*! This file is auto-generated *\/\n!function(d,l){\"use strict\";l.querySelector&&d.addEventListener&&\"undefined\"!=typeof URL&&(d.wp=d.wp||{},d.wp.receiveEmbedMessage||(d.wp.receiveEmbedMessage=function(e){var t=e.data;if((t||t.secret||t.message||t.value)&&!\/[^a-zA-Z0-9]\/.test(t.secret)){for(var s,r,n,a=l.querySelectorAll('iframe[data-secret=\"'+t.secret+'\"]'),o=l.querySelectorAll('blockquote[data-secret=\"'+t.secret+'\"]'),c=new RegExp(\"^https?:$\",\"i\"),i=0;i<o.length;i++)o[i].style.display=\"none\";for(i=0;i<a.length;i++)s=a[i],e.source===s.contentWindow&&(s.removeAttribute(\"style\"),\"height\"===t.message?(1e3<(r=parseInt(t.value,10))?r=1e3:~~r<200&&(r=200),s.height=r):\"link\"===t.message&&(r=new URL(s.getAttribute(\"src\")),n=new URL(t.value),c.test(n.protocol))&&n.host===r.host&&l.activeElement===s&&(d.top.location.href=t.value))}},d.addEventListener(\"message\",d.wp.receiveEmbedMessage,!1),l.addEventListener(\"DOMContentLoaded\",function(){for(var e,t,s=l.querySelectorAll(\"iframe.wp-embedded-content\"),r=0;r<s.length;r++)(t=(e=s[r]).getAttribute(\"data-secret\"))||(t=Math.random().toString(36).substring(2,12),e.src+=\"#?secret=\"+t,e.setAttribute(\"data-secret\",t)),e.contentWindow.postMessage({message:\"ready\",secret:t},\"*\")},!1)))}(window,document);\n\/* ]]> *\/\n<\/script>\n","thumbnail_url":"https:\/\/i0.wp.com\/vincentians.com\/es\/wp-content\/uploads\/sites\/11\/2016\/07\/ephemerides-fb.jpg?fit=1200%2C630","thumbnail_width":1200,"thumbnail_height":630,"description":"1657. Conferencia de Vicente de Pa\u00fal a las Hijas de la Caridad sobre la elecci\u00f3n de las oficialas. Vicente comienza diciendo que el tema de la conferencia es la pr\u00e1ctica de una de las reglas ... Read More"}