{"version":"1.0","provider_name":"Somos Vicencianos","provider_url":"http:\/\/vincentians.com\/es","author_name":"Francisco Javier Fern\u00e1ndez Chento","author_url":"http:\/\/vincentians.com\/es\/author\/chento\/","title":"Asociacion Internacional de Caridades: Solidaridad y Autopromoci\u00f3n - Somos Vicencianos","type":"rich","width":600,"height":338,"html":"<blockquote class=\"wp-embedded-content\" data-secret=\"o0hySaNuom\"><a href=\"http:\/\/vincentians.com\/es\/asociacion-internacional-de-caridades-solidaridad-y-autopromocion\/\">Asociacion Internacional de Caridades: Solidaridad y Autopromoci\u00f3n<\/a><\/blockquote><iframe sandbox=\"allow-scripts\" security=\"restricted\" src=\"http:\/\/vincentians.com\/es\/asociacion-internacional-de-caridades-solidaridad-y-autopromocion\/embed\/#?secret=o0hySaNuom\" width=\"600\" height=\"338\" title=\"\u00abAsociacion Internacional de Caridades: Solidaridad y Autopromoci\u00f3n\u00bb \u2014 Somos Vicencianos\" data-secret=\"o0hySaNuom\" frameborder=\"0\" marginwidth=\"0\" marginheight=\"0\" scrolling=\"no\" class=\"wp-embedded-content\"><\/iframe><script type=\"text\/javascript\">\n\/* <![CDATA[ *\/\n\/*! This file is auto-generated *\/\n!function(d,l){\"use strict\";l.querySelector&&d.addEventListener&&\"undefined\"!=typeof URL&&(d.wp=d.wp||{},d.wp.receiveEmbedMessage||(d.wp.receiveEmbedMessage=function(e){var t=e.data;if((t||t.secret||t.message||t.value)&&!\/[^a-zA-Z0-9]\/.test(t.secret)){for(var s,r,n,a=l.querySelectorAll('iframe[data-secret=\"'+t.secret+'\"]'),o=l.querySelectorAll('blockquote[data-secret=\"'+t.secret+'\"]'),c=new RegExp(\"^https?:$\",\"i\"),i=0;i<o.length;i++)o[i].style.display=\"none\";for(i=0;i<a.length;i++)s=a[i],e.source===s.contentWindow&&(s.removeAttribute(\"style\"),\"height\"===t.message?(1e3<(r=parseInt(t.value,10))?r=1e3:~~r<200&&(r=200),s.height=r):\"link\"===t.message&&(r=new URL(s.getAttribute(\"src\")),n=new URL(t.value),c.test(n.protocol))&&n.host===r.host&&l.activeElement===s&&(d.top.location.href=t.value))}},d.addEventListener(\"message\",d.wp.receiveEmbedMessage,!1),l.addEventListener(\"DOMContentLoaded\",function(){for(var e,t,s=l.querySelectorAll(\"iframe.wp-embedded-content\"),r=0;r<s.length;r++)(t=(e=s[r]).getAttribute(\"data-secret\"))||(t=Math.random().toString(36).substring(2,12),e.src+=\"#?secret=\"+t,e.setAttribute(\"data-secret\",t)),e.contentWindow.postMessage({message:\"ready\",secret:t},\"*\")},!1)))}(window,document);\n\/* ]]> *\/\n<\/script>\n","thumbnail_url":null,"thumbnail_width":null,"thumbnail_height":null,"description":"Reci\u00e9n terminado el Concilio Vaticano II la Asocia\u00adci\u00f3n Internacional de Caridades (A.I.C.) enfrent\u00f3 con va\u00adlent\u00eda en el llamado Documento Base (D.B.) un cambio de perspectiva en la imagen que la asociaci\u00f3n ten\u00eda de s\u00ed misma ... Read More"}